{"id":42608,"date":"2023-01-15T16:31:09","date_gmt":"2023-01-15T15:31:09","guid":{"rendered":"https:\/\/eccoloo.it\/casevacanzesicilia\/?post_type=listing&#038;p=42608"},"modified":"2026-06-19T10:58:26","modified_gmt":"2026-06-19T08:58:26","slug":"casa-in-affitto-da-privati-sul-lungomare-di-avola","status":"publish","type":"listing","link":"https:\/\/eccoloo.it\/casevacanzesicilia\/affitti\/casa-in-affitto-da-privati-sul-lungomare-di-avola\/","title":{"rendered":"Casa in affitto da privati sul lungomare di Avola"},"content":{"rendered":"<p><strong>Casa in affitto da privati<\/strong> sul <strong>lungomare Tremoli di Avola<\/strong>.<\/p>\n<p>Il bilocale \u00e8 di <strong>nuovissima costruzione<\/strong>, pu\u00f2 ospitare fino a 4 persone con l&#8217;aggiunta di un 5 posto con lettino.<\/p>\n<p>\u00c8 finemente arredato, con 2 <strong>climatizzatori<\/strong> uno nel soggiorno cucina e uno nella camera matrimoniale.<\/p>\n<p>La casa in affitto ad Avola da privati per la posizione che offre \u00e8 abbastanza economico, infatti sarete a due passi da tutto.<\/p>\n<p>Si compone nel seguente modo:\u00a0 ingresso soggiorno cucina con <strong>divano letto matrimoniale<\/strong>, un piccolo disimpegno con <strong>lavatrice<\/strong>, una <strong>camera da letto<\/strong> matrimoniale e un bagno con doccia accessoriato.<\/p>\n<p><strong>Accessori<\/strong>: macchina da caff\u00e8, lavatrice, microonde, un televisore, phone, asse da stiro e ombrellone da spiaggia.<\/p>\n<p><strong>Il mare<\/strong> \u00e8 facilmente raggiungibile a piedi, a circa 200 metri sarete sulla scaletta della <strong>spiaggia di Termoli ad Avola.<\/strong><\/p>\n<p><strong>Le prenotazioni<\/strong> sono accettate se vanno da sabato a sabato o domenica a domenica nei mesi di luglio e agosto.<\/p>\n<p><strong>\u00a0<\/strong><\/p>\n<h3><strong>Vedi tanti altri\u00a0<a href=\"https:\/\/eccoloo.it\/casevacanzesicilia\/citta\/case-vacanze-avola\/\" target=\"_blank\" rel=\"noopener\">alloggi di Avola<\/a>\u00a0e scopri la citt\u00e0 con i nostri<\/strong>\u00a0<strong><a href=\"https:\/\/eccoloo.it\/casevacanzesicilia\/citta\/case-vacanze-avola\/#0\" target=\"_blank\" rel=\"noopener\">consigli per visitare Avola<\/a><\/strong>.<\/h3>\n","protected":false},"excerpt":{"rendered":"<p>Casa in affitto da privati sul lungomare Tremoli di Avola. Il bilocale \u00e8 di nuovissima costruzione, pu\u00f2 ospitare fino a 4 persone con l&#8217;aggiunta di un 5 posto con lettino. \u00c8 finemente arredato, con 2 climatizzatori uno nel soggiorno cucina e uno nella camera matrimoniale. La casa in affitto ad Avola da privati per la [&hellip;]<\/p>\n","protected":false},"author":2155,"featured_media":42627,"parent":0,"menu_order":0,"template":"","listing_type":[25],"room_type":[20],"amenities":[72,73,286,12,123,124,31,685,535,531,61],"facilities":[291,23],"listing_countries":[51],"listing_states":[93],"listing_cities":[112],"listing_areas":[970],"yoast_head":"<!-- This site is optimized with the Yoast SEO plugin v23.5 - https:\/\/yoast.com\/wordpress\/plugins\/seo\/ -->\n<title>Casa in affitto da privati sul lungomare di Avola - Eccoloo.it<\/title>\n<meta name=\"robots\" content=\"index, follow, max-snippet:-1, max-image-preview:large, max-video-preview:-1\" \/>\n<link rel=\"canonical\" href=\"https:\/\/eccoloo.it\/casevacanzesicilia\/affitti\/casa-in-affitto-da-privati-sul-lungomare-di-avola\/\" \/>\n<meta property=\"og:locale\" content=\"it_IT\" \/>\n<meta property=\"og:type\" content=\"article\" \/>\n<meta property=\"og:title\" content=\"Casa in affitto da privati sul lungomare di Avola - Eccoloo.it\" \/>\n<meta property=\"og:description\" content=\"Casa in affitto da privati sul lungomare Tremoli di Avola. Il bilocale \u00e8 di nuovissima costruzione, pu\u00f2 ospitare fino a 4 persone con l&#8217;aggiunta di un 5 posto con lettino. \u00c8 finemente arredato, con 2 climatizzatori uno nel soggiorno cucina e uno nella camera matrimoniale. La casa in affitto ad Avola da privati per la [&hellip;]\" \/>\n<meta property=\"og:url\" content=\"https:\/\/eccoloo.it\/casevacanzesicilia\/affitti\/casa-in-affitto-da-privati-sul-lungomare-di-avola\/\" \/>\n<meta property=\"og:site_name\" content=\"Case Vacanze Sicilia\" \/>\n<meta property=\"article:publisher\" content=\"https:\/\/www.facebook.com\/Eccoloo.it\/\" \/>\n<meta property=\"article:modified_time\" content=\"2026-06-19T08:58:26+00:00\" \/>\n<meta property=\"og:image\" content=\"https:\/\/eccoloo.it\/casevacanzesicilia\/wp-content\/uploads\/2023\/01\/FB_IMG_1673794595909.jpg\" \/>\n\t<meta property=\"og:image:width\" content=\"960\" \/>\n\t<meta property=\"og:image:height\" content=\"666\" \/>\n\t<meta property=\"og:image:type\" content=\"image\/jpeg\" \/>\n<meta name=\"twitter:card\" content=\"summary_large_image\" \/>\n<meta name=\"twitter:label1\" content=\"Tempo di lettura stimato\" \/>\n\t<meta name=\"twitter:data1\" content=\"2 minuti\" \/>\n<script type=\"application\/ld+json\" class=\"yoast-schema-graph\">{\"@context\":\"https:\/\/schema.org\",\"@graph\":[{\"@type\":\"WebPage\",\"@id\":\"https:\/\/eccoloo.it\/casevacanzesicilia\/affitti\/casa-in-affitto-da-privati-sul-lungomare-di-avola\/\",\"url\":\"https:\/\/eccoloo.it\/casevacanzesicilia\/affitti\/casa-in-affitto-da-privati-sul-lungomare-di-avola\/\",\"name\":\"Casa in affitto da privati sul lungomare di Avola - Eccoloo.it\",\"isPartOf\":{\"@id\":\"https:\/\/eccoloo.it\/casevacanzesicilia\/#website\"},\"primaryImageOfPage\":{\"@id\":\"https:\/\/eccoloo.it\/casevacanzesicilia\/affitti\/casa-in-affitto-da-privati-sul-lungomare-di-avola\/#primaryimage\"},\"image\":{\"@id\":\"https:\/\/eccoloo.it\/casevacanzesicilia\/affitti\/casa-in-affitto-da-privati-sul-lungomare-di-avola\/#primaryimage\"},\"thumbnailUrl\":\"https:\/\/eccoloo.it\/casevacanzesicilia\/wp-content\/uploads\/2023\/01\/FB_IMG_1673794595909.jpg\",\"datePublished\":\"2023-01-15T15:31:09+00:00\",\"dateModified\":\"2026-06-19T08:58:26+00:00\",\"breadcrumb\":{\"@id\":\"https:\/\/eccoloo.it\/casevacanzesicilia\/affitti\/casa-in-affitto-da-privati-sul-lungomare-di-avola\/#breadcrumb\"},\"inLanguage\":\"it-IT\",\"potentialAction\":[{\"@type\":\"ReadAction\",\"target\":[\"https:\/\/eccoloo.it\/casevacanzesicilia\/affitti\/casa-in-affitto-da-privati-sul-lungomare-di-avola\/\"]}]},{\"@type\":\"ImageObject\",\"inLanguage\":\"it-IT\",\"@id\":\"https:\/\/eccoloo.it\/casevacanzesicilia\/affitti\/casa-in-affitto-da-privati-sul-lungomare-di-avola\/#primaryimage\",\"url\":\"https:\/\/eccoloo.it\/casevacanzesicilia\/wp-content\/uploads\/2023\/01\/FB_IMG_1673794595909.jpg\",\"contentUrl\":\"https:\/\/eccoloo.it\/casevacanzesicilia\/wp-content\/uploads\/2023\/01\/FB_IMG_1673794595909.jpg\",\"width\":960,\"height\":666},{\"@type\":\"BreadcrumbList\",\"@id\":\"https:\/\/eccoloo.it\/casevacanzesicilia\/affitti\/casa-in-affitto-da-privati-sul-lungomare-di-avola\/#breadcrumb\",\"itemListElement\":[{\"@type\":\"ListItem\",\"position\":1,\"name\":\"Home\",\"item\":\"https:\/\/eccoloo.it\/casevacanzesicilia\/\"},{\"@type\":\"ListItem\",\"position\":2,\"name\":\"Affitti\",\"item\":\"https:\/\/eccoloo.it\/casevacanzesicilia\/affitti\/\"},{\"@type\":\"ListItem\",\"position\":3,\"name\":\"Casa in affitto da privati sul lungomare di Avola\"}]},{\"@type\":\"WebSite\",\"@id\":\"https:\/\/eccoloo.it\/casevacanzesicilia\/#website\",\"url\":\"https:\/\/eccoloo.it\/casevacanzesicilia\/\",\"name\":\"Case Vacanze Sicilia\",\"description\":\"Tutta la Sicilia a portata di mano\",\"publisher\":{\"@id\":\"https:\/\/eccoloo.it\/casevacanzesicilia\/#organization\"},\"potentialAction\":[{\"@type\":\"SearchAction\",\"target\":{\"@type\":\"EntryPoint\",\"urlTemplate\":\"https:\/\/eccoloo.it\/casevacanzesicilia\/?s={search_term_string}\"},\"query-input\":{\"@type\":\"PropertyValueSpecification\",\"valueRequired\":true,\"valueName\":\"search_term_string\"}}],\"inLanguage\":\"it-IT\"},{\"@type\":\"Organization\",\"@id\":\"https:\/\/eccoloo.it\/casevacanzesicilia\/#organization\",\"name\":\"Eccoloo.it\",\"url\":\"https:\/\/eccoloo.it\/casevacanzesicilia\/\",\"logo\":{\"@type\":\"ImageObject\",\"inLanguage\":\"it-IT\",\"@id\":\"https:\/\/eccoloo.it\/casevacanzesicilia\/#\/schema\/logo\/image\/\",\"url\":\"https:\/\/eccoloo.it\/casevacanzesicilia\/wp-content\/uploads\/2019\/12\/Logo-casevacanze-eccoloo-COLORE-MINI-X2.png\",\"contentUrl\":\"https:\/\/eccoloo.it\/casevacanzesicilia\/wp-content\/uploads\/2019\/12\/Logo-casevacanze-eccoloo-COLORE-MINI-X2.png\",\"width\":256,\"height\":52,\"caption\":\"Eccoloo.it\"},\"image\":{\"@id\":\"https:\/\/eccoloo.it\/casevacanzesicilia\/#\/schema\/logo\/image\/\"},\"sameAs\":[\"https:\/\/www.facebook.com\/Eccoloo.it\/\",\"https:\/\/www.instagram.com\/eccoloo.it\/\"]}]}<\/script>\n<!-- \/ Yoast SEO plugin. -->","yoast_head_json":{"title":"Casa in affitto da privati sul lungomare di Avola - Eccoloo.it","robots":{"index":"index","follow":"follow","max-snippet":"max-snippet:-1","max-image-preview":"max-image-preview:large","max-video-preview":"max-video-preview:-1"},"canonical":"https:\/\/eccoloo.it\/casevacanzesicilia\/affitti\/casa-in-affitto-da-privati-sul-lungomare-di-avola\/","og_locale":"it_IT","og_type":"article","og_title":"Casa in affitto da privati sul lungomare di Avola - Eccoloo.it","og_description":"Casa in affitto da privati sul lungomare Tremoli di Avola. Il bilocale \u00e8 di nuovissima costruzione, pu\u00f2 ospitare fino a 4 persone con l&#8217;aggiunta di un 5 posto con lettino. \u00c8 finemente arredato, con 2 climatizzatori uno nel soggiorno cucina e uno nella camera matrimoniale. La casa in affitto ad Avola da privati per la [&hellip;]","og_url":"https:\/\/eccoloo.it\/casevacanzesicilia\/affitti\/casa-in-affitto-da-privati-sul-lungomare-di-avola\/","og_site_name":"Case Vacanze Sicilia","article_publisher":"https:\/\/www.facebook.com\/Eccoloo.it\/","article_modified_time":"2026-06-19T08:58:26+00:00","og_image":[{"width":960,"height":666,"url":"https:\/\/eccoloo.it\/casevacanzesicilia\/wp-content\/uploads\/2023\/01\/FB_IMG_1673794595909.jpg","type":"image\/jpeg"}],"twitter_card":"summary_large_image","twitter_misc":{"Tempo di lettura stimato":"2 minuti"},"schema":{"@context":"https:\/\/schema.org","@graph":[{"@type":"WebPage","@id":"https:\/\/eccoloo.it\/casevacanzesicilia\/affitti\/casa-in-affitto-da-privati-sul-lungomare-di-avola\/","url":"https:\/\/eccoloo.it\/casevacanzesicilia\/affitti\/casa-in-affitto-da-privati-sul-lungomare-di-avola\/","name":"Casa in affitto da privati sul lungomare di Avola - Eccoloo.it","isPartOf":{"@id":"https:\/\/eccoloo.it\/casevacanzesicilia\/#website"},"primaryImageOfPage":{"@id":"https:\/\/eccoloo.it\/casevacanzesicilia\/affitti\/casa-in-affitto-da-privati-sul-lungomare-di-avola\/#primaryimage"},"image":{"@id":"https:\/\/eccoloo.it\/casevacanzesicilia\/affitti\/casa-in-affitto-da-privati-sul-lungomare-di-avola\/#primaryimage"},"thumbnailUrl":"https:\/\/eccoloo.it\/casevacanzesicilia\/wp-content\/uploads\/2023\/01\/FB_IMG_1673794595909.jpg","datePublished":"2023-01-15T15:31:09+00:00","dateModified":"2026-06-19T08:58:26+00:00","breadcrumb":{"@id":"https:\/\/eccoloo.it\/casevacanzesicilia\/affitti\/casa-in-affitto-da-privati-sul-lungomare-di-avola\/#breadcrumb"},"inLanguage":"it-IT","potentialAction":[{"@type":"ReadAction","target":["https:\/\/eccoloo.it\/casevacanzesicilia\/affitti\/casa-in-affitto-da-privati-sul-lungomare-di-avola\/"]}]},{"@type":"ImageObject","inLanguage":"it-IT","@id":"https:\/\/eccoloo.it\/casevacanzesicilia\/affitti\/casa-in-affitto-da-privati-sul-lungomare-di-avola\/#primaryimage","url":"https:\/\/eccoloo.it\/casevacanzesicilia\/wp-content\/uploads\/2023\/01\/FB_IMG_1673794595909.jpg","contentUrl":"https:\/\/eccoloo.it\/casevacanzesicilia\/wp-content\/uploads\/2023\/01\/FB_IMG_1673794595909.jpg","width":960,"height":666},{"@type":"BreadcrumbList","@id":"https:\/\/eccoloo.it\/casevacanzesicilia\/affitti\/casa-in-affitto-da-privati-sul-lungomare-di-avola\/#breadcrumb","itemListElement":[{"@type":"ListItem","position":1,"name":"Home","item":"https:\/\/eccoloo.it\/casevacanzesicilia\/"},{"@type":"ListItem","position":2,"name":"Affitti","item":"https:\/\/eccoloo.it\/casevacanzesicilia\/affitti\/"},{"@type":"ListItem","position":3,"name":"Casa in affitto da privati sul lungomare di Avola"}]},{"@type":"WebSite","@id":"https:\/\/eccoloo.it\/casevacanzesicilia\/#website","url":"https:\/\/eccoloo.it\/casevacanzesicilia\/","name":"Case Vacanze Sicilia","description":"Tutta la Sicilia a portata di mano","publisher":{"@id":"https:\/\/eccoloo.it\/casevacanzesicilia\/#organization"},"potentialAction":[{"@type":"SearchAction","target":{"@type":"EntryPoint","urlTemplate":"https:\/\/eccoloo.it\/casevacanzesicilia\/?s={search_term_string}"},"query-input":{"@type":"PropertyValueSpecification","valueRequired":true,"valueName":"search_term_string"}}],"inLanguage":"it-IT"},{"@type":"Organization","@id":"https:\/\/eccoloo.it\/casevacanzesicilia\/#organization","name":"Eccoloo.it","url":"https:\/\/eccoloo.it\/casevacanzesicilia\/","logo":{"@type":"ImageObject","inLanguage":"it-IT","@id":"https:\/\/eccoloo.it\/casevacanzesicilia\/#\/schema\/logo\/image\/","url":"https:\/\/eccoloo.it\/casevacanzesicilia\/wp-content\/uploads\/2019\/12\/Logo-casevacanze-eccoloo-COLORE-MINI-X2.png","contentUrl":"https:\/\/eccoloo.it\/casevacanzesicilia\/wp-content\/uploads\/2019\/12\/Logo-casevacanze-eccoloo-COLORE-MINI-X2.png","width":256,"height":52,"caption":"Eccoloo.it"},"image":{"@id":"https:\/\/eccoloo.it\/casevacanzesicilia\/#\/schema\/logo\/image\/"},"sameAs":["https:\/\/www.facebook.com\/Eccoloo.it\/","https:\/\/www.instagram.com\/eccoloo.it\/"]}]}},"_links":{"self":[{"href":"https:\/\/eccoloo.it\/casevacanzesicilia\/wp-json\/wp\/v2\/listings\/42608"}],"collection":[{"href":"https:\/\/eccoloo.it\/casevacanzesicilia\/wp-json\/wp\/v2\/listings"}],"about":[{"href":"https:\/\/eccoloo.it\/casevacanzesicilia\/wp-json\/wp\/v2\/types\/listing"}],"author":[{"embeddable":true,"href":"https:\/\/eccoloo.it\/casevacanzesicilia\/wp-json\/wp\/v2\/users\/2155"}],"version-history":[{"count":7,"href":"https:\/\/eccoloo.it\/casevacanzesicilia\/wp-json\/wp\/v2\/listings\/42608\/revisions"}],"predecessor-version":[{"id":75277,"href":"https:\/\/eccoloo.it\/casevacanzesicilia\/wp-json\/wp\/v2\/listings\/42608\/revisions\/75277"}],"wp:featuredmedia":[{"embeddable":true,"href":"https:\/\/eccoloo.it\/casevacanzesicilia\/wp-json\/wp\/v2\/media\/42627"}],"wp:attachment":[{"href":"https:\/\/eccoloo.it\/casevacanzesicilia\/wp-json\/wp\/v2\/media?parent=42608"}],"wp:term":[{"taxonomy":"listing_type","embeddable":true,"href":"https:\/\/eccoloo.it\/casevacanzesicilia\/wp-json\/wp\/v2\/listing_type?post=42608"},{"taxonomy":"room_type","embeddable":true,"href":"https:\/\/eccoloo.it\/casevacanzesicilia\/wp-json\/wp\/v2\/room_type?post=42608"},{"taxonomy":"listing_amenity","embeddable":true,"href":"https:\/\/eccoloo.it\/casevacanzesicilia\/wp-json\/wp\/v2\/amenities?post=42608"},{"taxonomy":"listing_facility","embeddable":true,"href":"https:\/\/eccoloo.it\/casevacanzesicilia\/wp-json\/wp\/v2\/facilities?post=42608"},{"taxonomy":"listing_country","embeddable":true,"href":"https:\/\/eccoloo.it\/casevacanzesicilia\/wp-json\/wp\/v2\/listing_countries?post=42608"},{"taxonomy":"listing_state","embeddable":true,"href":"https:\/\/eccoloo.it\/casevacanzesicilia\/wp-json\/wp\/v2\/listing_states?post=42608"},{"taxonomy":"listing_city","embeddable":true,"href":"https:\/\/eccoloo.it\/casevacanzesicilia\/wp-json\/wp\/v2\/listing_cities?post=42608"},{"taxonomy":"listing_area","embeddable":true,"href":"https:\/\/eccoloo.it\/casevacanzesicilia\/wp-json\/wp\/v2\/listing_areas?post=42608"}],"curies":[{"name":"wp","href":"https:\/\/api.w.org\/{rel}","templated":true}]}}