{"id":7036,"date":"2021-12-28T17:00:01","date_gmt":"2021-12-28T16:00:01","guid":{"rendered":"https:\/\/eccoloo.it\/casevacanzesicilia\/?post_type=listing&#038;p=7036"},"modified":"2026-05-13T22:00:55","modified_gmt":"2026-05-13T20:00:55","slug":"casa-al-mare-di-avola","status":"publish","type":"listing","link":"https:\/\/eccoloo.it\/casevacanzesicilia\/affitti\/casa-al-mare-di-avola\/","title":{"rendered":"Casa al mare di Avola"},"content":{"rendered":"<p>La <strong>Casa al mare di Avola<\/strong> \u00e8 situata nella citt\u00e0 di <strong>Avola<\/strong> al primo piano di una <strong>villa bifamiliare<\/strong> in un quartiere residenziale ben curato e a <em>soli 200 metri da due\u00a0<b>spiagge sabbiose di Avola<\/b><\/em> (<em><strong>Pantanello<\/strong> beach, <strong>Loggia<\/strong><\/em>). La <strong>casa vacanza<\/strong> \u00e8 l&#8217;ideale per una vacanza di totale relax o vacanza culturale.<\/p>\n<p>&nbsp;<\/p>\n<h2>L&#8217;interno della <strong>casa al mare di Avola<\/strong><\/h2>\n<p>Il moderno appartamento pu\u00f2 ospitare <strong><em>fino a 4 persone<\/em><\/strong> e comprende una spaziosa cucina-soggiorno con forno, fornello a gas a 4 fuochi, forno a microonde, frigorifero con congelatore e tostapane.<\/p>\n<p><strong>La zona giorno<\/strong> \u00e8 arredata con un divano ad angolo, SAT-TV e un divano letto per la 3\u00b0 e 4\u00b0 persona. Dispone anche di un secondo bagno, oltre quello della camera da letto, cos\u00ec da consentire ai quattro ospiti di poterne usufruire comodamente.<\/p>\n<p><strong>Le camere\u00a0da letto<\/strong>: la confortevole camera da letto matrimoniale con a balcone offre un letto due piazze, un armadio, una TV e un <em>bagno privato con doccia<\/em>, WC e bidet. La seconda camera adibita per accogliere altri due ospiti \u00e8 il soggiorno letto con divano letto per due persone<\/p>\n<p>Il punto di forza della <strong>casa al mare di Avola<\/strong> \u00e8 il\u00a0 <strong>terrazzo con vista sul mare<\/strong> che si estende per circa 33 m\u00b2 e arredata con posti a sedere, lettini e ombrelloni. Qui \u00e8 dove ti rilassi alla fine di una giornata eccitante e lascia svanire il tutto mentre ti godi un bicchiere di vino.<\/p>\n<p>Inoltre la <strong>casa vacanze<\/strong> \u00e8 dotata di connessione <em>Wi-Fi illimitata e gratuita<\/em>.<\/p>\n<p><em>Qui \u00e8 dove ti rilassi alla fine di una giornata eccitante e lascia svanire il tutto mentre ti godi un bicchiere di vino<\/em>.<\/p>\n<p>&nbsp;<\/p>\n<h3><strong>Cosa vedere vicino la casa al mare di Avola<\/strong><\/h3>\n<p><strong>Avola<\/strong> \u00e8 caratterizzata dalla sua forma geometrica esagonale. Il nuovo centro urbano \u00e8 stato progettato dal <em>Frate gesuita Angelo Italia<\/em> con una caratteristica pianta esagonale, i cui assi centrali, Corso Garibaldi e Corso Vittorio Emanuele, delimitano il quartiere della vecchia struttura urbana e al loro incrocio il <em>Piazza Maggiore<\/em>, oggi Piazza Umberto 1 \u00b0.<\/p>\n<p>Dalla <strong>casa al mare di Avola<\/strong> potrete visitare un <em>sito archeologico chiamato Dolmen<\/em> \u00e8 un tipo di tomba megalitica preistorica con camera singola e, insieme a Cromlech (come Stonehenge in Gran Bretagna) e il Menhir, costituisce il pi\u00f9 noto tipo tra i monumenti megalitici. La realizzazione dei dolmen \u00e8 collocata nel periodo di tempo che va dalla fine del quinto millennio a.C. alla fine del III millennio BC.<\/p>\n<p>La <strong>casa al mare ad Avola si trova in una posizione strategica<\/strong> perch\u00e9 \u00e8 molto vicino alle citt\u00e0 pi\u00f9 importanti come <em>Noto<\/em>, <em>Marzamemi<\/em>, <em>Scicli<\/em>, <em>Portopalo<\/em> e citt\u00e0 come <em>Siracusa<\/em>, La citt\u00e0 vecchia di Eloro <em>Modica<\/em>, <em>Ragusa<\/em> e 100 chilometri da <em>Catania<\/em>.<\/p>\n<p><strong>Avola<\/strong> \u00e8\u00a0 stata dichiarata la <strong><em>citt\u00e0 di mandorla<\/em><\/strong> ed \u00e8 la prima <strong>citt\u00e0 in Sicilia<\/strong> ad avere la <strong>Bandiera Lilla<\/strong> che individua le <em>spiagge adatte ai disabili<\/em> perch\u00e9 le barriere architettoniche sono state demolite. Inoltre la citt\u00e0 \u00e8 famosa per il vino <strong>Nero d&#8217;Avola<\/strong> e in particolare per i laghetti\u00a0 di <strong>Cavagrande<\/strong> situati in <strong>Avola antica<\/strong>.<\/p>\n<p>Affitto minimo: 31 giorni<\/p>\n<p>&nbsp;<\/p>\n<h3><strong>Vedi tanti altri\u00a0<a href=\"https:\/\/eccoloo.it\/casevacanzesicilia\/citta\/case-vacanze-avola\/\" target=\"_blank\" rel=\"noopener\">alloggi di Avola<\/a>\u00a0e scopri la citt\u00e0 con i nostri<\/strong>\u00a0<strong><a href=\"https:\/\/eccoloo.it\/casevacanzesicilia\/citta\/case-vacanze-avola\/#0\" target=\"_blank\" rel=\"noopener\">consigli per visitare Avola<\/a><\/strong>.<\/h3>\n","protected":false},"excerpt":{"rendered":"<p>La Casa al mare di Avola \u00e8 situata nella citt\u00e0 di Avola al primo piano di una villa bifamiliare in un quartiere residenziale ben curato e a soli 200 metri da due\u00a0spiagge sabbiose di Avola (Pantanello beach, Loggia). La casa vacanza \u00e8 l&#8217;ideale per una vacanza di totale relax o vacanza culturale. &nbsp; L&#8217;interno della [&hellip;]<\/p>\n","protected":false},"author":170,"featured_media":7030,"parent":0,"menu_order":0,"template":"","listing_type":[25],"room_type":[20],"amenities":[304,38,63,14,72,73,286,86,85,123,124,31,44,46,61],"facilities":[291,336],"listing_countries":[51],"listing_states":[93],"listing_cities":[112],"listing_areas":[314],"yoast_head":"<!-- This site is optimized with the Yoast SEO plugin v23.5 - https:\/\/yoast.com\/wordpress\/plugins\/seo\/ -->\n<title>Casa al mare di Avola - Eccoloo.it<\/title>\n<meta name=\"description\" content=\"La Casa al mare di Avola \u00e8 situata nella citt\u00e0 di Avola al primo piano di una villa bifamiliare in un quartiere residenziale ben curato ...\" \/>\n<meta name=\"robots\" content=\"index, follow, max-snippet:-1, max-image-preview:large, max-video-preview:-1\" \/>\n<link rel=\"canonical\" href=\"https:\/\/eccoloo.it\/casevacanzesicilia\/affitti\/casa-al-mare-di-avola\/\" \/>\n<meta property=\"og:locale\" content=\"it_IT\" \/>\n<meta property=\"og:type\" content=\"article\" \/>\n<meta property=\"og:title\" content=\"Casa al mare di Avola - Eccoloo.it\" \/>\n<meta property=\"og:description\" content=\"La Casa al mare di Avola \u00e8 situata nella citt\u00e0 di Avola al primo piano di una villa bifamiliare in un quartiere residenziale ben curato ...\" \/>\n<meta property=\"og:url\" content=\"https:\/\/eccoloo.it\/casevacanzesicilia\/affitti\/casa-al-mare-di-avola\/\" \/>\n<meta property=\"og:site_name\" content=\"Case Vacanze Sicilia\" \/>\n<meta property=\"article:publisher\" content=\"https:\/\/www.facebook.com\/Eccoloo.it\/\" \/>\n<meta property=\"article:modified_time\" content=\"2026-05-13T20:00:55+00:00\" \/>\n<meta property=\"og:image\" content=\"https:\/\/eccoloo.it\/casevacanzesicilia\/wp-content\/uploads\/2020\/04\/DSC_4575_46-2-scaled.jpg\" \/>\n\t<meta property=\"og:image:width\" content=\"1200\" \/>\n\t<meta property=\"og:image:height\" content=\"797\" \/>\n\t<meta property=\"og:image:type\" content=\"image\/jpeg\" \/>\n<meta name=\"twitter:card\" content=\"summary_large_image\" \/>\n<meta name=\"twitter:label1\" content=\"Tempo di lettura stimato\" \/>\n\t<meta name=\"twitter:data1\" content=\"3 minuti\" \/>\n<script type=\"application\/ld+json\" class=\"yoast-schema-graph\">{\"@context\":\"https:\/\/schema.org\",\"@graph\":[{\"@type\":\"WebPage\",\"@id\":\"https:\/\/eccoloo.it\/casevacanzesicilia\/affitti\/casa-al-mare-di-avola\/\",\"url\":\"https:\/\/eccoloo.it\/casevacanzesicilia\/affitti\/casa-al-mare-di-avola\/\",\"name\":\"Casa al mare di Avola - Eccoloo.it\",\"isPartOf\":{\"@id\":\"https:\/\/eccoloo.it\/casevacanzesicilia\/#website\"},\"primaryImageOfPage\":{\"@id\":\"https:\/\/eccoloo.it\/casevacanzesicilia\/affitti\/casa-al-mare-di-avola\/#primaryimage\"},\"image\":{\"@id\":\"https:\/\/eccoloo.it\/casevacanzesicilia\/affitti\/casa-al-mare-di-avola\/#primaryimage\"},\"thumbnailUrl\":\"https:\/\/eccoloo.it\/casevacanzesicilia\/wp-content\/uploads\/2020\/04\/DSC_4575_46-2-scaled.jpg\",\"datePublished\":\"2021-12-28T16:00:01+00:00\",\"dateModified\":\"2026-05-13T20:00:55+00:00\",\"description\":\"La Casa al mare di Avola \u00e8 situata nella citt\u00e0 di Avola al primo piano di una villa bifamiliare in un quartiere residenziale ben curato ...\",\"breadcrumb\":{\"@id\":\"https:\/\/eccoloo.it\/casevacanzesicilia\/affitti\/casa-al-mare-di-avola\/#breadcrumb\"},\"inLanguage\":\"it-IT\",\"potentialAction\":[{\"@type\":\"ReadAction\",\"target\":[\"https:\/\/eccoloo.it\/casevacanzesicilia\/affitti\/casa-al-mare-di-avola\/\"]}]},{\"@type\":\"ImageObject\",\"inLanguage\":\"it-IT\",\"@id\":\"https:\/\/eccoloo.it\/casevacanzesicilia\/affitti\/casa-al-mare-di-avola\/#primaryimage\",\"url\":\"https:\/\/eccoloo.it\/casevacanzesicilia\/wp-content\/uploads\/2020\/04\/DSC_4575_46-2-scaled.jpg\",\"contentUrl\":\"https:\/\/eccoloo.it\/casevacanzesicilia\/wp-content\/uploads\/2020\/04\/DSC_4575_46-2-scaled.jpg\",\"width\":1200,\"height\":797},{\"@type\":\"BreadcrumbList\",\"@id\":\"https:\/\/eccoloo.it\/casevacanzesicilia\/affitti\/casa-al-mare-di-avola\/#breadcrumb\",\"itemListElement\":[{\"@type\":\"ListItem\",\"position\":1,\"name\":\"Home\",\"item\":\"https:\/\/eccoloo.it\/casevacanzesicilia\/\"},{\"@type\":\"ListItem\",\"position\":2,\"name\":\"Affitti\",\"item\":\"https:\/\/eccoloo.it\/casevacanzesicilia\/affitti\/\"},{\"@type\":\"ListItem\",\"position\":3,\"name\":\"Casa al mare di Avola\"}]},{\"@type\":\"WebSite\",\"@id\":\"https:\/\/eccoloo.it\/casevacanzesicilia\/#website\",\"url\":\"https:\/\/eccoloo.it\/casevacanzesicilia\/\",\"name\":\"Case Vacanze Sicilia\",\"description\":\"Tutta la Sicilia a portata di mano\",\"publisher\":{\"@id\":\"https:\/\/eccoloo.it\/casevacanzesicilia\/#organization\"},\"potentialAction\":[{\"@type\":\"SearchAction\",\"target\":{\"@type\":\"EntryPoint\",\"urlTemplate\":\"https:\/\/eccoloo.it\/casevacanzesicilia\/?s={search_term_string}\"},\"query-input\":{\"@type\":\"PropertyValueSpecification\",\"valueRequired\":true,\"valueName\":\"search_term_string\"}}],\"inLanguage\":\"it-IT\"},{\"@type\":\"Organization\",\"@id\":\"https:\/\/eccoloo.it\/casevacanzesicilia\/#organization\",\"name\":\"Eccoloo.it\",\"url\":\"https:\/\/eccoloo.it\/casevacanzesicilia\/\",\"logo\":{\"@type\":\"ImageObject\",\"inLanguage\":\"it-IT\",\"@id\":\"https:\/\/eccoloo.it\/casevacanzesicilia\/#\/schema\/logo\/image\/\",\"url\":\"https:\/\/eccoloo.it\/casevacanzesicilia\/wp-content\/uploads\/2019\/12\/Logo-casevacanze-eccoloo-COLORE-MINI-X2.png\",\"contentUrl\":\"https:\/\/eccoloo.it\/casevacanzesicilia\/wp-content\/uploads\/2019\/12\/Logo-casevacanze-eccoloo-COLORE-MINI-X2.png\",\"width\":256,\"height\":52,\"caption\":\"Eccoloo.it\"},\"image\":{\"@id\":\"https:\/\/eccoloo.it\/casevacanzesicilia\/#\/schema\/logo\/image\/\"},\"sameAs\":[\"https:\/\/www.facebook.com\/Eccoloo.it\/\",\"https:\/\/www.instagram.com\/eccoloo.it\/\"]}]}<\/script>\n<!-- \/ Yoast SEO plugin. -->","yoast_head_json":{"title":"Casa al mare di Avola - Eccoloo.it","description":"La Casa al mare di Avola \u00e8 situata nella citt\u00e0 di Avola al primo piano di una villa bifamiliare in un quartiere residenziale ben curato ...","robots":{"index":"index","follow":"follow","max-snippet":"max-snippet:-1","max-image-preview":"max-image-preview:large","max-video-preview":"max-video-preview:-1"},"canonical":"https:\/\/eccoloo.it\/casevacanzesicilia\/affitti\/casa-al-mare-di-avola\/","og_locale":"it_IT","og_type":"article","og_title":"Casa al mare di Avola - Eccoloo.it","og_description":"La Casa al mare di Avola \u00e8 situata nella citt\u00e0 di Avola al primo piano di una villa bifamiliare in un quartiere residenziale ben curato ...","og_url":"https:\/\/eccoloo.it\/casevacanzesicilia\/affitti\/casa-al-mare-di-avola\/","og_site_name":"Case Vacanze Sicilia","article_publisher":"https:\/\/www.facebook.com\/Eccoloo.it\/","article_modified_time":"2026-05-13T20:00:55+00:00","og_image":[{"width":1200,"height":797,"url":"https:\/\/eccoloo.it\/casevacanzesicilia\/wp-content\/uploads\/2020\/04\/DSC_4575_46-2-scaled.jpg","type":"image\/jpeg"}],"twitter_card":"summary_large_image","twitter_misc":{"Tempo di lettura stimato":"3 minuti"},"schema":{"@context":"https:\/\/schema.org","@graph":[{"@type":"WebPage","@id":"https:\/\/eccoloo.it\/casevacanzesicilia\/affitti\/casa-al-mare-di-avola\/","url":"https:\/\/eccoloo.it\/casevacanzesicilia\/affitti\/casa-al-mare-di-avola\/","name":"Casa al mare di Avola - Eccoloo.it","isPartOf":{"@id":"https:\/\/eccoloo.it\/casevacanzesicilia\/#website"},"primaryImageOfPage":{"@id":"https:\/\/eccoloo.it\/casevacanzesicilia\/affitti\/casa-al-mare-di-avola\/#primaryimage"},"image":{"@id":"https:\/\/eccoloo.it\/casevacanzesicilia\/affitti\/casa-al-mare-di-avola\/#primaryimage"},"thumbnailUrl":"https:\/\/eccoloo.it\/casevacanzesicilia\/wp-content\/uploads\/2020\/04\/DSC_4575_46-2-scaled.jpg","datePublished":"2021-12-28T16:00:01+00:00","dateModified":"2026-05-13T20:00:55+00:00","description":"La Casa al mare di Avola \u00e8 situata nella citt\u00e0 di Avola al primo piano di una villa bifamiliare in un quartiere residenziale ben curato ...","breadcrumb":{"@id":"https:\/\/eccoloo.it\/casevacanzesicilia\/affitti\/casa-al-mare-di-avola\/#breadcrumb"},"inLanguage":"it-IT","potentialAction":[{"@type":"ReadAction","target":["https:\/\/eccoloo.it\/casevacanzesicilia\/affitti\/casa-al-mare-di-avola\/"]}]},{"@type":"ImageObject","inLanguage":"it-IT","@id":"https:\/\/eccoloo.it\/casevacanzesicilia\/affitti\/casa-al-mare-di-avola\/#primaryimage","url":"https:\/\/eccoloo.it\/casevacanzesicilia\/wp-content\/uploads\/2020\/04\/DSC_4575_46-2-scaled.jpg","contentUrl":"https:\/\/eccoloo.it\/casevacanzesicilia\/wp-content\/uploads\/2020\/04\/DSC_4575_46-2-scaled.jpg","width":1200,"height":797},{"@type":"BreadcrumbList","@id":"https:\/\/eccoloo.it\/casevacanzesicilia\/affitti\/casa-al-mare-di-avola\/#breadcrumb","itemListElement":[{"@type":"ListItem","position":1,"name":"Home","item":"https:\/\/eccoloo.it\/casevacanzesicilia\/"},{"@type":"ListItem","position":2,"name":"Affitti","item":"https:\/\/eccoloo.it\/casevacanzesicilia\/affitti\/"},{"@type":"ListItem","position":3,"name":"Casa al mare di Avola"}]},{"@type":"WebSite","@id":"https:\/\/eccoloo.it\/casevacanzesicilia\/#website","url":"https:\/\/eccoloo.it\/casevacanzesicilia\/","name":"Case Vacanze Sicilia","description":"Tutta la Sicilia a portata di mano","publisher":{"@id":"https:\/\/eccoloo.it\/casevacanzesicilia\/#organization"},"potentialAction":[{"@type":"SearchAction","target":{"@type":"EntryPoint","urlTemplate":"https:\/\/eccoloo.it\/casevacanzesicilia\/?s={search_term_string}"},"query-input":{"@type":"PropertyValueSpecification","valueRequired":true,"valueName":"search_term_string"}}],"inLanguage":"it-IT"},{"@type":"Organization","@id":"https:\/\/eccoloo.it\/casevacanzesicilia\/#organization","name":"Eccoloo.it","url":"https:\/\/eccoloo.it\/casevacanzesicilia\/","logo":{"@type":"ImageObject","inLanguage":"it-IT","@id":"https:\/\/eccoloo.it\/casevacanzesicilia\/#\/schema\/logo\/image\/","url":"https:\/\/eccoloo.it\/casevacanzesicilia\/wp-content\/uploads\/2019\/12\/Logo-casevacanze-eccoloo-COLORE-MINI-X2.png","contentUrl":"https:\/\/eccoloo.it\/casevacanzesicilia\/wp-content\/uploads\/2019\/12\/Logo-casevacanze-eccoloo-COLORE-MINI-X2.png","width":256,"height":52,"caption":"Eccoloo.it"},"image":{"@id":"https:\/\/eccoloo.it\/casevacanzesicilia\/#\/schema\/logo\/image\/"},"sameAs":["https:\/\/www.facebook.com\/Eccoloo.it\/","https:\/\/www.instagram.com\/eccoloo.it\/"]}]}},"_links":{"self":[{"href":"https:\/\/eccoloo.it\/casevacanzesicilia\/wp-json\/wp\/v2\/listings\/7036"}],"collection":[{"href":"https:\/\/eccoloo.it\/casevacanzesicilia\/wp-json\/wp\/v2\/listings"}],"about":[{"href":"https:\/\/eccoloo.it\/casevacanzesicilia\/wp-json\/wp\/v2\/types\/listing"}],"author":[{"embeddable":true,"href":"https:\/\/eccoloo.it\/casevacanzesicilia\/wp-json\/wp\/v2\/users\/170"}],"version-history":[{"count":19,"href":"https:\/\/eccoloo.it\/casevacanzesicilia\/wp-json\/wp\/v2\/listings\/7036\/revisions"}],"predecessor-version":[{"id":75293,"href":"https:\/\/eccoloo.it\/casevacanzesicilia\/wp-json\/wp\/v2\/listings\/7036\/revisions\/75293"}],"wp:featuredmedia":[{"embeddable":true,"href":"https:\/\/eccoloo.it\/casevacanzesicilia\/wp-json\/wp\/v2\/media\/7030"}],"wp:attachment":[{"href":"https:\/\/eccoloo.it\/casevacanzesicilia\/wp-json\/wp\/v2\/media?parent=7036"}],"wp:term":[{"taxonomy":"listing_type","embeddable":true,"href":"https:\/\/eccoloo.it\/casevacanzesicilia\/wp-json\/wp\/v2\/listing_type?post=7036"},{"taxonomy":"room_type","embeddable":true,"href":"https:\/\/eccoloo.it\/casevacanzesicilia\/wp-json\/wp\/v2\/room_type?post=7036"},{"taxonomy":"listing_amenity","embeddable":true,"href":"https:\/\/eccoloo.it\/casevacanzesicilia\/wp-json\/wp\/v2\/amenities?post=7036"},{"taxonomy":"listing_facility","embeddable":true,"href":"https:\/\/eccoloo.it\/casevacanzesicilia\/wp-json\/wp\/v2\/facilities?post=7036"},{"taxonomy":"listing_country","embeddable":true,"href":"https:\/\/eccoloo.it\/casevacanzesicilia\/wp-json\/wp\/v2\/listing_countries?post=7036"},{"taxonomy":"listing_state","embeddable":true,"href":"https:\/\/eccoloo.it\/casevacanzesicilia\/wp-json\/wp\/v2\/listing_states?post=7036"},{"taxonomy":"listing_city","embeddable":true,"href":"https:\/\/eccoloo.it\/casevacanzesicilia\/wp-json\/wp\/v2\/listing_cities?post=7036"},{"taxonomy":"listing_area","embeddable":true,"href":"https:\/\/eccoloo.it\/casevacanzesicilia\/wp-json\/wp\/v2\/listing_areas?post=7036"}],"curies":[{"name":"wp","href":"https:\/\/api.w.org\/{rel}","templated":true}]}}